{"id":2112,"date":"2017-08-02T15:36:58","date_gmt":"2017-08-02T15:36:58","guid":{"rendered":"https:\/\/www.freixaadvocats.com\/?page_id=2112"},"modified":"2024-10-31T15:03:06","modified_gmt":"2024-10-31T15:03:06","slug":"despatx-advocats-barcelona","status":"publish","type":"page","link":"https:\/\/freixaadvocats.com\/ca\/despatx-advocats-barcelona\/","title":{"rendered":"Despatx"},"content":{"rendered":"<div class=\"wpb-content-wrapper\">[vc_row css=&#8221;.vc_custom_1484897435098{padding-top: 31px !important;padding-bottom: 84px !important;}&#8221;][vc_column css_animation=&#8221;fadeInLeft&#8221; width=&#8221;1\/2&#8243; css=&#8221;.vc_custom_1484734943085{padding-top: 35px !important;padding-right: 45px !important;}&#8221;][gt3_custom_text text_color=&#8221;#27323d&#8221; font_size=&#8221;28&#8243; line_height=&#8221;100&#8243; use_theme_fonts=&#8221;&#8221; google_fonts_text=&#8221;font_family:Roboto%3A100%2C100italic%2C300%2C300italic%2Cregular%2Citalic%2C500%2C500italic%2C700%2C700italic%2C900%2C900italic|font_style:700%20bold%20regular%3A700%3Anormal&#8221;]\n<h1>Advocats especialitzats en dret esportiu, procediments concursals i assessoria a startups<\/h1>\n[\/gt3_custom_text][vc_empty_space height=&#8221;24px&#8221;][gt3_custom_text text_color=&#8221;#5eb676&#8243; font_size=&#8221;36&#8243; line_height=&#8221;100&#8243; use_theme_fonts=&#8221;&#8221; google_fonts_text=&#8221;font_family:Roboto%3A100%2C100italic%2C300%2C300italic%2Cregular%2Citalic%2C500%2C500italic%2C700%2C700italic%2C900%2C900italic|font_style:100%20light%20regular%3A100%3Anormal&#8221;]\n<p style=\"text-align: left;\">El nostre \u00e8xit est\u00e0 a aconseguir els resultats que els nostres clients esperen<\/p>\n[\/gt3_custom_text][vc_empty_space height=&#8221;15px&#8221;][vc_column_text]\n<p style=\"text-align: left;\"><strong>Toni Freixa<\/strong><span> \u00e9s soci fundador del <\/span><strong>despatx d&#8217;advocats de Barcelona Freixa Advocats: <\/strong><span>\u201cLa nostra missi\u00f3 \u00e9s posar tota la nostra experi\u00e8ncia i coneixement al servei del client, oferint agilitat i confian\u00e7a en tots els assumptes derivats de la seva activitat ordin\u00e0ria\u201d.<\/span><\/p>\n<p style=\"text-align: left;\"><strong>Som advocats especialistes en:<\/strong><span> <\/span><\/p>\n<p><strong>\u2022 <a href=\"https:\/\/freixaadvocats.com\/ca\/dret-esportiu\/\">Dret de l&#8217;esport.<\/a><\/strong><br \/>\n<strong>\u2022 <a href=\"https:\/\/freixaadvocats.com\/ca\/advocats-startups-barcelona\/\">Assessorament per a emprenedors.<\/a><\/strong><br \/>\n<strong>\u2022 <a href=\"https:\/\/freixaadvocats.com\/ca\/advocat-concursal-barcelona\/\">Concursos de creditors.<\/a><\/strong><\/p>\n<p>Com a despatx multidisciplinari amb una dilatada traject\u00f2ria en<strong> l&#8217;assessorament jur\u00eddic a empreses i particulars<\/strong>, tamb\u00e9 hem obtingut \u00e8xits destacables en altres \u00e0rees de pr\u00e0ctica com:<\/p>\n<ul>\n<li><strong>Consultoria jur\u00eddica mercantil a empreses.<\/strong><\/li>\n<li><strong>Defensa jur\u00eddica en Jutjats i Tribunals <\/strong>per a la resoluci\u00f3 de tot tipus de litigis, representant tant a empreses com a particulars\u00a0en totes les inst\u00e0ncies jur\u00eddiques.<\/li>\n<li><strong>Reclamacions per responsabilitat civil.<\/strong><\/li>\n<\/ul>\n<p style=\"text-align: left;\">M\u00e9s de 25 anys d&#8217;experi\u00e8ncia en la gesti\u00f3 d&#8217;assumptes relacionats amb aquestes \u00e0rees del Dret i sectors d&#8217;activitat, acrediten als nostres professionals amb el reconeixement que ens atorga la confian\u00e7a dels nostres clients.<\/p>\n[\/vc_column_text][\/vc_column][vc_column width=&#8221;1\/2&#8243; css=&#8221;.vc_custom_1484650717009{padding-top: 20px !important;}&#8221;][vc_single_image image=&#8221;1435&#8243; img_size=&#8221;full&#8221; css_animation=&#8221;fadeIn&#8221; css=&#8221;.vc_custom_1501166913741{margin-bottom: 10px !important;}&#8221;][vc_column_text]\n<p style=\"text-align: left;\"><a href=\"https:\/\/www.linkedin.com\/in\/antoni-freixa-494a9b5\/\" class=\"linkedin\"><img decoding=\"async\" class=\"alignnone size-full\" src=\"\/wp-content\/uploads\/2017\/01\/picto-linkedin.png\" \/><\/a><\/p>\n[\/vc_column_text][gt3_button button_title=&#8221;CONSULTA\u2019NS ARA&#8221; btn_font_size=&#8221;18&#8243; css=&#8221;.vc_custom_1730366210869{margin-top: 40px !important;}&#8221; link=&#8221;url:%23div-franja-contacto|title:contacto&#8221;][\/vc_column][\/vc_row][vc_row full_width=&#8221;stretch_row&#8221; content_placement=&#8221;middle&#8221; parallax=&#8221;content-moving&#8221; parallax_speed_bg=&#8221;2&#8243; css_animation=&#8221;none&#8221; css=&#8221;.vc_custom_1730386984576{padding-top: 0px !important;padding-bottom: 120px !important;background-color: #f5f3ef !important;}&#8221;][vc_column css_animation=&#8221;none&#8221; css=&#8221;.vc_custom_1730386949864{background-color: #f5f3ef !important;}&#8221;][gt3_custom_text css_animation=&#8221;none&#8221; text_color=&#8221;#5eb676&#8243; font_size=&#8221;36&#8243; use_theme_fonts=&#8221;&#8221; google_fonts_text=&#8221;font_family:Roboto%3A100%2C100italic%2C300%2C300italic%2Cregular%2Citalic%2C500%2C500italic%2C700%2C700italic%2C900%2C900italic|font_style:300%20light%20regular%3A300%3Anormal&#8221;]ANTONI FREIXA MART\u00cdN Soci Fundador de Freixa Advocats[\/gt3_custom_text][vc_separator color=&#8221;white&#8221; css=&#8221;.vc_custom_1730373243836{padding-top: 20px !important;padding-bottom: 20px !important;}&#8221;][gt3_custom_text css_animation=&#8221;fadeInUp&#8221; text_color=&#8221;#909aa3&#8243; font_size=&#8221;16&#8243; use_theme_fonts=&#8221;&#8221; google_fonts_text=&#8221;font_family:Roboto%3A100%2C100italic%2C300%2C300italic%2Cregular%2Citalic%2C500%2C500italic%2C700%2C700italic%2C900%2C900italic|font_style:300%20light%20regular%3A300%3Anormal&#8221;]Antoni Freixa Mart\u00edn (Barcelona, 1968), advocat ejerciente col\u00b7legiat en l&#8217;Il\u00b7lustre Col\u00b7legi d&#8217;Advocats de Barcelona amb el n\u00famero 24411.<\/p>\n<p><span style=\"font-weight: 400;\" class=\"gt3_font-weight\"><strong>Llicenciat en Dret per la Universitat de Barcelona en 1991.<\/strong><\/span><\/p>\n<p><span style=\"font-weight: 400;\" class=\"gt3_font-weight\"><strong>Oposicions al Cos d\u2019Advocats de l\u2019Estat des de 1992 a 1997.<\/strong><\/span><\/p>\n<p><span style=\"font-weight: 400;\" class=\"gt3_font-weight\"><strong>Professor col\u00b7laborador en diverses Universitats i Institucions:<\/strong><\/span><\/p>\n<ul>\n<li><span style=\"font-weight: 400;\" class=\"gt3_font-weight\">Universitat de Barcelona<\/span><\/li>\n<li><span style=\"font-weight: 400;\" class=\"gt3_font-weight\">Universitat Pompeu Fabra<\/span><\/li>\n<li><span style=\"font-weight: 400;\" class=\"gt3_font-weight\">Universitat Ramon Llull<\/span><\/li>\n<\/ul>\n<p><span style=\"font-weight: 400;\" class=\"gt3_font-weight\">Amb dedicaci\u00f3 professional especialitzada en \u00e0mbits del dret privat, va estar integrat en els equips de treball de dos despatxos d\u2019advocats de Barcelona abans de fundar Freixa Advocats en 2006.<\/span><\/p>\n<p><span style=\"font-weight: 400;\" class=\"gt3_font-weight\">El seu perfil professional li ha portat a exercir diversos c\u00e0rrecs en el Futbol Club Barcelona, com el de Secretari de la Junta Directiva, membre de la seva Comissi\u00f3 de Disciplina i President de la mateixa. Des de fa m\u00e9s de 15 anys ha mantingut un estret vincle amb el m\u00f3n del dret esportiu, en el qual es pot destacar, a m\u00e9s, l\u2019haver estat membre del Comit\u00e8 Legal de la Real Federaci\u00f3 Espanyola de Futbol o, en l\u2019actualitat, \u00c0rbitre del Tribunal d\u2019Arbitratge Esportiu de Catalunya.<\/span><\/p>\n<p><span style=\"font-weight: 400;\" class=\"gt3_font-weight\">Ponent i conferenciant en Universitats i Institucions nacionals i internacionals.<\/span>[\/gt3_custom_text][\/vc_column][\/vc_row][vc_row full_width=&#8221;stretch_row&#8221; el_class=&#8221;franja-contacto&#8221; css=&#8221;.vc_custom_1730367297241{padding-top: 45px !important;padding-bottom: 45px !important;background: rgba(10,10,10,0.17) url(https:\/\/freixaadvocats.com\/wp-content\/uploads\/2017\/01\/bg-contacta-ahora.jpg?id=1956) !important;background-position: center !important;background-repeat: no-repeat !important;background-size: cover !important;*background-color: rgb(10,10,10) !important;}&#8221; el_id=&#8221;div-franja-contacto&#8221;][vc_column width=&#8221;1\/3&#8243; el_class=&#8221;columna-info-al-lado-formulario&#8221;][gt3_icon_box icon_type=&#8221;font&#8221; icon_fontawesome=&#8221;fas fa-mobile-alt&#8221; icon_position=&#8221;top&#8221; css_animation=&#8221;fadeIn&#8221; icon_size=&#8221;custom&#8221; custom_icon_size=&#8221;50&#8243; icon_color=&#8221;#5eb676&#8243; title_tag=&#8221;h5&#8243; iconbox_title_size=&#8221;18&#8243; iconbox_content_size=&#8221;22&#8243; title_color=&#8221;#ffffff&#8221; text_color=&#8221;#ffffff&#8221; link_color=&#8221;#5eb676&#8243; link_hover_color=&#8221;&#8221; new_tab=&#8221;&#8221; icon_circle=&#8221;&#8221; text=&#8221;dilluns a divendres<br \/>\n09:00 a 14:00h<br \/>\n16:00 a 19:00h&#8221; heading=&#8221;T. +34 935 958 430&#8243; url=&#8221;tel:+34935958430&#8243;][vc_empty_space height=&#8221;23px&#8221;][\/vc_column][vc_column width=&#8221;2\/3&#8243; css=&#8221;.vc_custom_1730194574363{margin-top: 20px !important;}&#8221; el_class=&#8221;columna-formulario&#8221;][gt3_custom_text text_color=&#8221;#ffffff&#8221; font_size=&#8221;27&#8243; use_theme_fonts=&#8221;&#8221; google_fonts_text=&#8221;font_family:Roboto%3A100%2C100italic%2C300%2C300italic%2Cregular%2Citalic%2C500%2C500italic%2C700%2C700italic%2C900%2C900italic|font_style:700%20bold%20regular%3A700%3Anormal&#8221;]\n<p style=\"text-align: left;\">CONSULTA&#8217;NS ARA SENSE COMPROM\u00cdS<\/p>\n[\/gt3_custom_text]\n<div class=\"wpcf7 no-js\" id=\"wpcf7-f2269-o1\" lang=\"en-US\" dir=\"ltr\" data-wpcf7-id=\"2269\">\n<div class=\"screen-reader-response\"><p role=\"status\" aria-live=\"polite\" aria-atomic=\"true\"><\/p> <ul><\/ul><\/div>\n<form action=\"\/ca\/wp-json\/wp\/v2\/pages\/2112#wpcf7-f2269-o1\" method=\"post\" class=\"wpcf7-form init\" aria-label=\"Contact form\" novalidate=\"novalidate\" data-status=\"init\">\n<div style=\"display: none;\">\n<input type=\"hidden\" name=\"_wpcf7\" value=\"2269\" \/>\n<input type=\"hidden\" name=\"_wpcf7_version\" value=\"6.0.5\" \/>\n<input type=\"hidden\" name=\"_wpcf7_locale\" value=\"en_US\" \/>\n<input type=\"hidden\" name=\"_wpcf7_unit_tag\" value=\"wpcf7-f2269-o1\" \/>\n<input type=\"hidden\" name=\"_wpcf7_container_post\" value=\"0\" \/>\n<input type=\"hidden\" name=\"_wpcf7_posted_data_hash\" value=\"\" \/>\n<input type=\"hidden\" name=\"_wpcf7_recaptcha_response\" value=\"\" \/>\n<\/div>\n<div class=\"row\">\n\t<div class=\"span4\">\n\t\t<p><span class=\"wpcf7-form-control-wrap\" data-name=\"Name\"><input size=\"40\" maxlength=\"400\" class=\"wpcf7-form-control wpcf7-text wpcf7-validates-as-required\" aria-required=\"true\" aria-invalid=\"false\" placeholder=\"Nom *\" value=\"\" type=\"text\" name=\"Name\" \/><\/span>\n\t\t<\/p>\n\t<\/div>\n\t<div class=\"span4\">\n\t\t<p><span class=\"wpcf7-form-control-wrap\" data-name=\"your-email\"><input size=\"40\" maxlength=\"400\" class=\"wpcf7-form-control wpcf7-email wpcf7-validates-as-required wpcf7-text wpcf7-validates-as-email\" aria-required=\"true\" aria-invalid=\"false\" placeholder=\"E-Mail *\" value=\"\" type=\"email\" name=\"your-email\" \/><\/span>\n\t\t<\/p>\n\t<\/div>\n\t<div class=\"span4\">\n\t\t<p><span class=\"wpcf7-form-control-wrap\" data-name=\"tel-280\"><input size=\"40\" maxlength=\"400\" class=\"wpcf7-form-control wpcf7-tel wpcf7-text wpcf7-validates-as-tel\" aria-invalid=\"false\" placeholder=\"Tel\u00e8fon\" value=\"\" type=\"tel\" name=\"tel-280\" \/><\/span>\n\t\t<\/p>\n\t<\/div>\n\t<div class=\"span12 custom_textarea\">\n\t\t<p><span class=\"wpcf7-form-control-wrap\" data-name=\"your-message\"><textarea cols=\"40\" rows=\"10\" maxlength=\"2000\" class=\"wpcf7-form-control wpcf7-textarea\" aria-invalid=\"false\" placeholder=\"Missatge...\" name=\"your-message\"><\/textarea><\/span>\n\t\t<\/p>\n\t<\/div>\n<\/div>\n<div class=\"row\">\n\t<div class=\"span12 form-texto-legal\">\n\t\t<p><br \/>\nEn compliment de l'establert en la normativa vigent de Protecci\u00f3 de Dades de Car\u00e0cter Personal, li comuniquem que les dades recollides en el present formulari quedaran incorporats i seran tractats en el fitxer denominat Usuaris Web sota la responsabilitat de FREIXA ADVOCATS S.L. amb la finalitat de poder prestar els seus serveis, aix\u00ed com per mantenir-me informat sobre q\u00fcestions relatives a l'activitat de l'empresa.\n\t\t<\/p>\n\t\t<p><br \/>\nLi informem que les dades que ens faciliti seran tractats de forma lleial, transparent, adequada, pertinent, limitada, exacta i actualitzada i no es comunicaran o cediran a tercers, exceptuant que aquesta comunicaci\u00f3 sigui necess\u00e0ria o pugui suposar una millora per a la finalitat dels mateixos, sempre concorde a la normativa vigent en mat\u00e8ria de protecci\u00f3 de dades, Reglament General de Protecci\u00f3 de Dades.\n\t\t<\/p>\n\t\t<p><br \/>\nEn el cas que es produeixin canvis en algun de les dades facilitades, amb la finalitat de mantenir el nostre fitxer actualitzat, li preguem ens ho comuniqui per escrit.\n\t\t<\/p>\n\t\t<p><br \/>\nLi informem de la possibilitat que t\u00e9 d'exercir els drets d'acc\u00e9s, rectificaci\u00f3, supressi\u00f3, oposici\u00f3, limitaci\u00f3 del tractament i portabilitat de les seves dades de car\u00e0cter personal de forma presencial en les oficines de FREIXA ADVOCATS S.L., acompanyant c\u00f2pia de DNI, o b\u00e9 mitjan\u00e7ant correu postal a C\/ Via Augusta, 29 5\u00aa planta de Barcelona, 08006 BARCELONA, o correu electr\u00f2nic a afreixa@freixaadvocats.com.\n\t\t<\/p>\n\t<\/div>\n<\/div>\n<div class=\"row\">\n\t<div class=\"span6 check-acepto\">\n\t\t<p><span class=\"wpcf7-form-control-wrap\" data-name=\"politica\"><span class=\"wpcf7-form-control wpcf7-acceptance\"><span class=\"wpcf7-list-item\"><input type=\"checkbox\" name=\"politica\" value=\"1\" aria-invalid=\"false\" \/><\/span><\/span><\/span> He llegit i accepto la <a href=\"\/aviso-legal-y-politica-de-privacidad-y-cookies\/\">pol\u00edtica de privacitat<\/a>\n\t\t<\/p>\n\t<\/div>\n\t<div class=\"span6\">\n\t\t<p class=\"form-submit_custom text-center\"><input class=\"wpcf7-form-control wpcf7-submit has-spinner\" type=\"submit\" value=\"ENVIAR\" \/>\n\t\t<\/p>\n\t<\/div>\n<\/div>\n<div class=\"wpcf7-response-output\" aria-hidden=\"true\"><\/div>\n<\/form>\n<\/div>\n[\/vc_column][\/vc_row]\n<\/div>","protected":false},"excerpt":{"rendered":"<p>[vc_row css=&#8221;.vc_custom_1484897435098{padding-top: 31px !important;padding-bottom: 84px !important;}&#8221;][vc_column css_animation=&#8221;fadeInLeft&#8221; width=&#8221;1\/2&#8243; css=&#8221;.vc_custom_1484734943085{padding-top: 35px !important;padding-right: 45px !important;}&#8221;][gt3_custom_text text_color=&#8221;#27323d&#8221; font_size=&#8221;28&#8243; line_height=&#8221;100&#8243; use_theme_fonts=&#8221;&#8221; google_fonts_text=&#8221;font_family:Roboto%3A100%2C100italic%2C300%2C300italic%2Cregular%2Citalic%2C500%2C500italic%2C700%2C700italic%2C900%2C900italic|font_style:700%20bold%20regular%3A700%3Anormal&#8221;] Advocats especialitzats en dret esportiu, procediments concursals i assessoria a startups [\/gt3_custom_text][vc_empty_space height=&#8221;24px&#8221;][gt3_custom_text text_color=&#8221;#5eb676&#8243; font_size=&#8221;36&#8243; line_height=&#8221;100&#8243; use_theme_fonts=&#8221;&#8221; google_fonts_text=&#8221;font_family:Roboto%3A100%2C100italic%2C300%2C300italic%2Cregular%2Citalic%2C500%2C500italic%2C700%2C700italic%2C900%2C900italic|font_style:100%20light%20regular%3A100%3Anormal&#8221;] El nostre \u00e8xit est\u00e0 a aconseguir els resultats que els nostres clients esperen [\/gt3_custom_text][vc_empty_space height=&#8221;15px&#8221;][vc_column_text] Toni Freixa \u00e9s soci [&hellip;]<\/p>\n","protected":false},"author":10,"featured_media":0,"parent":0,"menu_order":0,"comment_status":"closed","ping_status":"closed","template":"","meta":{"footnotes":""},"class_list":["post-2112","page","type-page","status-publish","hentry"],"yoast_head":"<!-- This site is optimized with the Yoast SEO plugin v24.7 - https:\/\/yoast.com\/wordpress\/plugins\/seo\/ -->\n<title>Bufet d&#039;advocats a Barcelona | Toni Freixa advocat<\/title>\n<meta name=\"description\" content=\"En el bufet d&#039;advocats Freixa Advocats oferim serveis jur\u00eddics a empreses i particulars. M\u00e9s de 25 anys d&#039;experi\u00e8ncia en la gesti\u00f3 d&#039;assumptes!\" \/>\n<meta name=\"robots\" content=\"index, follow, max-snippet:-1, max-image-preview:large, max-video-preview:-1\" \/>\n<link rel=\"canonical\" href=\"https:\/\/freixaadvocats.com\/ca\/despatx-advocats-barcelona\/\" \/>\n<meta property=\"og:locale\" content=\"ca_ES\" \/>\n<meta property=\"og:type\" content=\"article\" \/>\n<meta property=\"og:title\" content=\"Bufet d&#039;advocats a Barcelona | Toni Freixa advocat\" \/>\n<meta property=\"og:description\" content=\"En el bufet d&#039;advocats Freixa Advocats oferim serveis jur\u00eddics a empreses i particulars. M\u00e9s de 25 anys d&#039;experi\u00e8ncia en la gesti\u00f3 d&#039;assumptes!\" \/>\n<meta property=\"og:url\" content=\"https:\/\/freixaadvocats.com\/ca\/despatx-advocats-barcelona\/\" \/>\n<meta property=\"og:site_name\" content=\"Freixa\" \/>\n<meta property=\"og:image\" content=\"https:\/\/freixaadvocats.com\/wp-content\/uploads\/2023\/06\/freixa-advocats-barcelona.jpg\" \/>\n\t<meta property=\"og:image:width\" content=\"1200\" \/>\n\t<meta property=\"og:image:height\" content=\"630\" \/>\n\t<meta property=\"og:image:type\" content=\"image\/jpeg\" \/>\n<script type=\"application\/ld+json\" class=\"yoast-schema-graph\">{\"@context\":\"https:\/\/schema.org\",\"@graph\":[{\"@type\":\"Article\",\"@id\":\"https:\/\/freixaadvocats.com\/ca\/despatx-advocats-barcelona\/#article\",\"isPartOf\":{\"@id\":\"https:\/\/freixaadvocats.com\/ca\/despatx-advocats-barcelona\/\"},\"author\":{\"name\":\"adminCgi2023\",\"@id\":\"https:\/\/freixaadvocats.com\/ca\/#\/schema\/person\/60fffced4655bc3f1f6d16fbd2eaf4e1\"},\"headline\":\"Despatx\",\"mainEntityOfPage\":{\"@id\":\"https:\/\/freixaadvocats.com\/ca\/despatx-advocats-barcelona\/\"},\"wordCount\":923,\"publisher\":{\"@id\":\"https:\/\/freixaadvocats.com\/ca\/#organization\"},\"inLanguage\":\"ca\"},{\"@type\":\"WebPage\",\"@id\":\"https:\/\/freixaadvocats.com\/ca\/despatx-advocats-barcelona\/\",\"url\":\"https:\/\/freixaadvocats.com\/ca\/despatx-advocats-barcelona\/\",\"name\":\"Bufet d'advocats a Barcelona | Toni Freixa advocat\",\"isPartOf\":{\"@id\":\"https:\/\/freixaadvocats.com\/ca\/#website\"},\"description\":\"En el bufet d'advocats Freixa Advocats oferim serveis jur\u00eddics a empreses i particulars. M\u00e9s de 25 anys d'experi\u00e8ncia en la gesti\u00f3 d'assumptes!\",\"breadcrumb\":{\"@id\":\"https:\/\/freixaadvocats.com\/ca\/despatx-advocats-barcelona\/#breadcrumb\"},\"inLanguage\":\"ca\",\"potentialAction\":[{\"@type\":\"ReadAction\",\"target\":[\"https:\/\/freixaadvocats.com\/ca\/despatx-advocats-barcelona\/\"]}]},{\"@type\":\"BreadcrumbList\",\"@id\":\"https:\/\/freixaadvocats.com\/ca\/despatx-advocats-barcelona\/#breadcrumb\",\"itemListElement\":[{\"@type\":\"ListItem\",\"position\":1,\"name\":\"Portada\",\"item\":\"https:\/\/freixaadvocats.com\/ca\/\"},{\"@type\":\"ListItem\",\"position\":2,\"name\":\"Despatx\"}]},{\"@type\":\"WebSite\",\"@id\":\"https:\/\/freixaadvocats.com\/ca\/#website\",\"url\":\"https:\/\/freixaadvocats.com\/ca\/\",\"name\":\"Toni Freixa Abogado\",\"description\":\"Especialista en Dret Esportiu, Concursal i Startups\",\"publisher\":{\"@id\":\"https:\/\/freixaadvocats.com\/ca\/#organization\"},\"potentialAction\":[{\"@type\":\"SearchAction\",\"target\":{\"@type\":\"EntryPoint\",\"urlTemplate\":\"https:\/\/freixaadvocats.com\/ca\/?s={search_term_string}\"},\"query-input\":{\"@type\":\"PropertyValueSpecification\",\"valueRequired\":true,\"valueName\":\"search_term_string\"}}],\"inLanguage\":\"ca\"},{\"@type\":\"Organization\",\"@id\":\"https:\/\/freixaadvocats.com\/ca\/#organization\",\"name\":\"Freixa\",\"url\":\"https:\/\/freixaadvocats.com\/ca\/\",\"logo\":{\"@type\":\"ImageObject\",\"inLanguage\":\"ca\",\"@id\":\"https:\/\/freixaadvocats.com\/ca\/#\/schema\/logo\/image\/\",\"url\":\"https:\/\/freixaadvocats.com\/wp-content\/uploads\/2023\/06\/toni-freixa-advocat.png\",\"contentUrl\":\"https:\/\/freixaadvocats.com\/wp-content\/uploads\/2023\/06\/toni-freixa-advocat.png\",\"width\":144,\"height\":49,\"caption\":\"Freixa\"},\"image\":{\"@id\":\"https:\/\/freixaadvocats.com\/ca\/#\/schema\/logo\/image\/\"}},{\"@type\":\"Person\",\"@id\":\"https:\/\/freixaadvocats.com\/ca\/#\/schema\/person\/60fffced4655bc3f1f6d16fbd2eaf4e1\",\"name\":\"adminCgi2023\",\"image\":{\"@type\":\"ImageObject\",\"inLanguage\":\"ca\",\"@id\":\"https:\/\/freixaadvocats.com\/ca\/#\/schema\/person\/image\/\",\"url\":\"https:\/\/freixaadvocats.com\/wp-content\/litespeed\/avatar\/1c8b7c9b27d180f6a43159d9c053666a.jpg?ver=1776972136\",\"contentUrl\":\"https:\/\/freixaadvocats.com\/wp-content\/litespeed\/avatar\/1c8b7c9b27d180f6a43159d9c053666a.jpg?ver=1776972136\",\"caption\":\"adminCgi2023\"},\"url\":\"https:\/\/freixaadvocats.com\/ca\/despatx-advocats-barcelona\/\"}]}<\/script>\n<!-- \/ Yoast SEO plugin. -->","yoast_head_json":{"title":"Bufet d'advocats a Barcelona | Toni Freixa advocat","description":"En el bufet d'advocats Freixa Advocats oferim serveis jur\u00eddics a empreses i particulars. M\u00e9s de 25 anys d'experi\u00e8ncia en la gesti\u00f3 d'assumptes!","robots":{"index":"index","follow":"follow","max-snippet":"max-snippet:-1","max-image-preview":"max-image-preview:large","max-video-preview":"max-video-preview:-1"},"canonical":"https:\/\/freixaadvocats.com\/ca\/despatx-advocats-barcelona\/","og_locale":"ca_ES","og_type":"article","og_title":"Bufet d'advocats a Barcelona | Toni Freixa advocat","og_description":"En el bufet d'advocats Freixa Advocats oferim serveis jur\u00eddics a empreses i particulars. M\u00e9s de 25 anys d'experi\u00e8ncia en la gesti\u00f3 d'assumptes!","og_url":"https:\/\/freixaadvocats.com\/ca\/despatx-advocats-barcelona\/","og_site_name":"Freixa","og_image":[{"width":1200,"height":630,"url":"https:\/\/freixaadvocats.com\/wp-content\/uploads\/2023\/06\/freixa-advocats-barcelona.jpg","type":"image\/jpeg"}],"schema":{"@context":"https:\/\/schema.org","@graph":[{"@type":"Article","@id":"https:\/\/freixaadvocats.com\/ca\/despatx-advocats-barcelona\/#article","isPartOf":{"@id":"https:\/\/freixaadvocats.com\/ca\/despatx-advocats-barcelona\/"},"author":{"name":"adminCgi2023","@id":"https:\/\/freixaadvocats.com\/ca\/#\/schema\/person\/60fffced4655bc3f1f6d16fbd2eaf4e1"},"headline":"Despatx","mainEntityOfPage":{"@id":"https:\/\/freixaadvocats.com\/ca\/despatx-advocats-barcelona\/"},"wordCount":923,"publisher":{"@id":"https:\/\/freixaadvocats.com\/ca\/#organization"},"inLanguage":"ca"},{"@type":"WebPage","@id":"https:\/\/freixaadvocats.com\/ca\/despatx-advocats-barcelona\/","url":"https:\/\/freixaadvocats.com\/ca\/despatx-advocats-barcelona\/","name":"Bufet d'advocats a Barcelona | Toni Freixa advocat","isPartOf":{"@id":"https:\/\/freixaadvocats.com\/ca\/#website"},"description":"En el bufet d'advocats Freixa Advocats oferim serveis jur\u00eddics a empreses i particulars. M\u00e9s de 25 anys d'experi\u00e8ncia en la gesti\u00f3 d'assumptes!","breadcrumb":{"@id":"https:\/\/freixaadvocats.com\/ca\/despatx-advocats-barcelona\/#breadcrumb"},"inLanguage":"ca","potentialAction":[{"@type":"ReadAction","target":["https:\/\/freixaadvocats.com\/ca\/despatx-advocats-barcelona\/"]}]},{"@type":"BreadcrumbList","@id":"https:\/\/freixaadvocats.com\/ca\/despatx-advocats-barcelona\/#breadcrumb","itemListElement":[{"@type":"ListItem","position":1,"name":"Portada","item":"https:\/\/freixaadvocats.com\/ca\/"},{"@type":"ListItem","position":2,"name":"Despatx"}]},{"@type":"WebSite","@id":"https:\/\/freixaadvocats.com\/ca\/#website","url":"https:\/\/freixaadvocats.com\/ca\/","name":"Toni Freixa Abogado","description":"Especialista en Dret Esportiu, Concursal i Startups","publisher":{"@id":"https:\/\/freixaadvocats.com\/ca\/#organization"},"potentialAction":[{"@type":"SearchAction","target":{"@type":"EntryPoint","urlTemplate":"https:\/\/freixaadvocats.com\/ca\/?s={search_term_string}"},"query-input":{"@type":"PropertyValueSpecification","valueRequired":true,"valueName":"search_term_string"}}],"inLanguage":"ca"},{"@type":"Organization","@id":"https:\/\/freixaadvocats.com\/ca\/#organization","name":"Freixa","url":"https:\/\/freixaadvocats.com\/ca\/","logo":{"@type":"ImageObject","inLanguage":"ca","@id":"https:\/\/freixaadvocats.com\/ca\/#\/schema\/logo\/image\/","url":"https:\/\/freixaadvocats.com\/wp-content\/uploads\/2023\/06\/toni-freixa-advocat.png","contentUrl":"https:\/\/freixaadvocats.com\/wp-content\/uploads\/2023\/06\/toni-freixa-advocat.png","width":144,"height":49,"caption":"Freixa"},"image":{"@id":"https:\/\/freixaadvocats.com\/ca\/#\/schema\/logo\/image\/"}},{"@type":"Person","@id":"https:\/\/freixaadvocats.com\/ca\/#\/schema\/person\/60fffced4655bc3f1f6d16fbd2eaf4e1","name":"adminCgi2023","image":{"@type":"ImageObject","inLanguage":"ca","@id":"https:\/\/freixaadvocats.com\/ca\/#\/schema\/person\/image\/","url":"https:\/\/freixaadvocats.com\/wp-content\/litespeed\/avatar\/1c8b7c9b27d180f6a43159d9c053666a.jpg?ver=1776972136","contentUrl":"https:\/\/freixaadvocats.com\/wp-content\/litespeed\/avatar\/1c8b7c9b27d180f6a43159d9c053666a.jpg?ver=1776972136","caption":"adminCgi2023"},"url":"https:\/\/freixaadvocats.com\/ca\/despatx-advocats-barcelona\/"}]}},"_links":{"self":[{"href":"https:\/\/freixaadvocats.com\/ca\/wp-json\/wp\/v2\/pages\/2112","targetHints":{"allow":["GET"]}}],"collection":[{"href":"https:\/\/freixaadvocats.com\/ca\/wp-json\/wp\/v2\/pages"}],"about":[{"href":"https:\/\/freixaadvocats.com\/ca\/wp-json\/wp\/v2\/types\/page"}],"author":[{"embeddable":true,"href":"https:\/\/freixaadvocats.com\/ca\/wp-json\/wp\/v2\/users\/10"}],"replies":[{"embeddable":true,"href":"https:\/\/freixaadvocats.com\/ca\/wp-json\/wp\/v2\/comments?post=2112"}],"version-history":[{"count":16,"href":"https:\/\/freixaadvocats.com\/ca\/wp-json\/wp\/v2\/pages\/2112\/revisions"}],"predecessor-version":[{"id":4381,"href":"https:\/\/freixaadvocats.com\/ca\/wp-json\/wp\/v2\/pages\/2112\/revisions\/4381"}],"wp:attachment":[{"href":"https:\/\/freixaadvocats.com\/ca\/wp-json\/wp\/v2\/media?parent=2112"}],"curies":[{"name":"wp","href":"https:\/\/api.w.org\/{rel}","templated":true}]}}